{"version":"1.0","provider_name":"\u00c9let a sziv\u00e1rv\u00e1nyon innen \u00e9s t\u00fal","provider_url":"https:\/\/huncutka-1.cafeblog.hu","author_name":"Chloe Monroe","author_url":"https:\/\/huncutka-1.cafeblog.hu\/author\/huncutka-1-2-2-2\/","title":"","html":"<P><SPAN style=\"COLOR: #e66699\"><SPAN style=\"FONT-SIZE: 20px\">&nbsp;<STRONG>Kedves Olvas\u00f3!<\/STRONG><\/SPAN><\/SPAN><\/P>\r\n<P align=justify><SPAN style=\"COLOR: #e66699\"><SPAN style=\"FONT-SIZE: 18px\">Az im\u00e9nt \u00edrtam egy el\u00e9g haragos bejegyz\u00e9st, de jobbnak l\u00e1ttam kit\u00f6r\u00f6lni, mivel nem t\u00fal sz\u00e9p dolgok szerepeltek benne a mai magyarorsz\u00e1gi viszonyokkal kapcsolatban. Jobb ez \u00edgy, hogy nem cs\u00faf\u00edtja a blogomat. Csak \u00e9ppen elragadtak az indulataim. <\/SPAN><\/SPAN><\/P>\r\n<P align=justify><SPAN style=\"FONT-SIZE: 18px; COLOR: #e66699\">Holnap m\u00e9g dolgozok, de ut\u00e1na h\u00e9tv\u00e9ge! Igaz\u00e1b\u00f3l nincs semmi konkr\u00e9t tervem. Mr. Big szok\u00e1s szerint dolgozni fog, \u00fagyhogy... \u00e9n meg pihenek. H\u00e9tf\u0151n pedig beadatom a H1N1 elleni olt\u00e1st! V\u00e9gre! Mert k\u00f6zben ment a kavar\u00e1s, hogy mivel gyerekekkel vagyok eg\u00e9sz nap \u00e9n is ingyen kapom meg, azt\u00e1n m\u00e9gsem. Sz\u00f3val \u00e9n ink\u00e1bb beadatom magamnak p\u00e9nz\u00e9rt, minthogy arra v\u00e1rjak, hogy majd tal\u00e1n j\u00f6v\u0151re eld\u00f6ntik, hogy nekem ingyenes vagy nem. Csak azt nem tudom, hogy k\u00fcl\u00f6n kell a vakcin\u00e1\u00e9rt \u00e9s mag\u00e1\u00e9rt a beadat\u00e1s\u00e9rt fizetni? Vagy csak a vakcin\u00e1t kell kiv\u00e1ltani? Majd kider\u00fcl. A l\u00e9nyeg, hogy megkapom, de rem\u00e9lem m\u00e9g id\u0151ben. <\/SPAN><\/P>\r\n<P align=justify><SPAN style=\"FONT-SIZE: 18px; COLOR: #e66699\">Azon veszem \u00e9szre magam, hogy tengek-lengek \u00e9s a napok meg csak \u00fagy rohannak el\u0151re. Tanul\u00e1ssal meg m\u00e9g sehogyse \u00e1llok. B\u00e1r \u00e9n mindig ilyen vagyok. Az utols\u00f3 pillanatban \u00e1llok neki. De az\u00e9rt mert hi\u00e1ba kezdtem volna el tanulni szeptemberben, \u00fagyis elfelejtettem volna mostan\u00e1ig. \u00cdgy meg friss lesz az \u00e9lm\u00e9ny.<\/SPAN><\/P>\r\n<P align=justify><SPAN style=\"FONT-SIZE: 18px; COLOR: #e66699\">Kar\u00e1csony!!! M\u00e1r majdnem itt van! Nagyon v\u00e1rom. Pont tegnap pontos\u00edtottuk anyuk\u00e1mmal a kar\u00e1csonyi men\u00fct. Hmmm.... m\u00e1r ha r\u00e1 gondolok \u00f6sszefut a ny\u00e1l a sz\u00e1mban. Az aj\u00e1nd\u00e9kokkal j\u00f3l \u00e1llok. M\u00e1r csak Mr. Bignek kell vennem valamit \u00e9s P.-nek (\u0151 a nevel\u0151ap\u00e1m). \u00c9s m\u00e9g nincs is december, \u00fagyhogy el\u00e9g j\u00f3 vagyok!<\/SPAN><\/P>\r\n<P align=center><SPAN style=\"FONT-SIZE: 18px; COLOR: #e66699\"><SPAN style=\"FONT-SIZE: 20px\"><STRONG>Tov\u00e1bbi sz\u00e9p napot \u00e9s kellemes h\u00e9tv\u00e9g\u00e9t!<\/STRONG><\/SPAN><\/SPAN><\/P>\r\n<P><IMG height=282 src=\"http:\/\/www.cs.helsinki.fi\/u\/kjokisal\/ite\/tests\/tkuvat\/belle2.jpg\" width=239><\/P>\r\n<P><SPAN style=\"FONT-SIZE: 18px; COLOR: #e66699\">\u00dcdv.: <EM>Huncutka<\/EM><\/SPAN><\/P>","type":"rich"}