{"version":"1.0","provider_name":"\u00c9let a sziv\u00e1rv\u00e1nyon innen \u00e9s t\u00fal","provider_url":"https:\/\/huncutka-1.cafeblog.hu","author_name":"Chloe Monroe","author_url":"https:\/\/huncutka-1.cafeblog.hu\/author\/huncutka-1-2-2-2\/","title":"Tesz-vesz","html":"<P align=justify><SPAN style=\"FONT-SIZE: 18px; COLOR: #e60033\"><SPAN style=\"COLOR: #e60066\">&nbsp;<\/SPAN><STRONG><SPAN style=\"COLOR: #e60066\">Kedves Olvas\u00f3!<\/SPAN><\/STRONG><\/SPAN><\/P>\r\n<P align=justify><SPAN style=\"FONT-SIZE: 18px; COLOR: #e60066\">Boldog! Boldog! Boldog!<\/SPAN><\/P>\r\n<P align=justify><SPAN style=\"FONT-SIZE: 18px; COLOR: #e60066\">Boldog vagyok :) \u00c9letemben el\u0151sz\u00f6r v\u00e1s\u00e1roltam aukci\u00f3n. \u0150 az:<\/SPAN><\/P>\r\n<P align=justify><IMG id=gallery-photo style=\"CURSOR: pointer\" alt=\"Mayo Chix farmer \u00faj!\" src=\"http:\/\/photos04.allegroimg.pl\/photos\/oryginal\/890\/96\/66\/890966626\"><\/P>\r\n<P align=justify><SPAN style=\"FONT-SIZE: 18px; COLOR: #e60066\">M\u00e1r r\u00e9g\u00f3ta szerettem volna ilyen gaty\u00f3t, csak n\u00e1lunk itt a Mayo-ba nem volt... csak s\u00f6t\u00e9t nacik voltak, amit nem nagyon szeretek. De a Tesz-veszen m\u00e9g h\u00f3napokkal ezel\u0151tt megl\u00e1ttam \u0150t! Akkor nem licit\u00e1ltam r\u00e1... f\u00e9ltem, hogy nem lesz j\u00f3 a m\u00e9ret, vagy valami hib\u00e1ja van... de most \u00fajra megl\u00e1ttam, \u00e9s r\u00e1ad\u00e1sul \u00faj! N\u00e9h\u00e1ny nap hezit\u00e1l\u00e1s ut\u00e1n lecsaptam r\u00e1! Nem b\u00edrtam meg\u00e1llni! M\u00e9g \u00edgy is sokkal olcs\u00f3bban jutottam hozz\u00e1, mintha boltba vettem volna meg. De nagyon izgultam, hogy j\u00f3 lesz-e a m\u00e9ret... \u00e9s ma megj\u00f6tt. \u00c9s pont t\u00f6k\u00e9letes! Mintha r\u00e1m\u00f6nt\u00f6tt\u00e9k volna! :-) Meg\u00e9rte! M\u00e1r most im\u00e1dom!!! \u00dagyhogy most boldog vagyok!!! Persze anyum el\u0151l titkolom :-) Jobb, ha nem tudja meg... j\u00f6nne a szok\u00e1sos: \"Sp\u00f3rolnod kellene!\" sz\u00f6veg. A tand\u00edjra f\u00e9lreteszem a p\u00e9nzt, meg az utaz\u00e1somra, nekik is beseg\u00edtek! Ennyit meg\u00e9rdemlek \u00e9n is! Ennyi nekem is j\u00e1r! Persze majd \u00fagyis \u00e9szreveszi... de majd azt mondom, hogy ez m\u00e1r r\u00e9gi... ha nem j\u00f6n be... \u00f6t perc lelkifr\u00f6ccs\u00f6t kib\u00edrok. <\/SPAN><\/P>\r\n<P align=justify><SPAN style=\"FONT-SIZE: 18px; COLOR: #e60066\">Sz\u00e9p napot!<\/SPAN><\/P>\r\n<P align=justify><SPAN style=\"FONT-SIZE: 18px; COLOR: #e60033\"><EM><SPAN style=\"COLOR: #e60066\">Huncutka<\/SPAN><\/EM><\/SPAN><\/P>","type":"rich"}