{"version":"1.0","provider_name":"\u00c9let a sziv\u00e1rv\u00e1nyon innen \u00e9s t\u00fal","provider_url":"https:\/\/huncutka-1.cafeblog.hu","author_name":"Chloe Monroe","author_url":"https:\/\/huncutka-1.cafeblog.hu\/author\/huncutka-1-2-2-2\/","title":"Boltk\u00f3r... m\u00e1r megint","html":"<P align=justify><SPAN style=\"FONT-SIZE: 18px; COLOR: #e666cc\">&nbsp;<STRONG>Kedves Olvas\u00f3!<\/STRONG><\/SPAN><\/P>\r\n<P align=justify><SPAN style=\"FONT-SIZE: 18px; COLOR: #e666cc\">A szombati \u00e9lm\u00e9nyf\u00fcrd\u0151z\u00e9s sajnos nem j\u00f6tt \u00f6ssze, mivel csak d\u00e9lut\u00e1n tudtuk volna elvinni az aut\u00f3t, \u00e9s \u00fagy m\u00e1r nem \u00e9rte volna meg. De helyette \u00e1tment\u00fcnk Keszthelyre shoppingolni, mivel Big kb. 3 \u00e9ve \u00faj\u00edtott ruhat\u00e1rat utolj\u00e1ra. Megfogadtam, hogy nem veszek semmit, mivel elm\u00e9letileg nincs p\u00e9nzem... (gyakorlatilag van, de m\u00e1r mind ellicit\u00e1ltam teszveszen, \u00edgy igaz\u00e1b\u00f3l m\u00e9gsincs :) )\u00c1m amikor ben\u00e9ztem a Deichmannba, megakadt a szemem egy gy\u00f6ny\u00f6r\u0171 csizm\u00e1n. Pr\u00f3b\u00e1ltam tudom\u00e1st sem venni r\u00f3la (gyorsan kimentem az \u00fczletb\u0151l)... Majd 5 perc m\u00falva meggy\u0151ztem magam, hogy abb\u00f3l semmi baj nem sz\u00e1rmazik, ha legal\u00e1bb megpr\u00f3b\u00e1lom. (lehet, hogy nem kellett volna) Mintha r\u00e1m \u00f6nt\u00f6tt\u00e9k volna, tiszta Hamupip\u0151ke feeling volt. Sz\u00f3ltam Bignek, hogy v\u00e9lem\u00e9nyezze, persze tetszett neki, b\u00e1r szerinte minden cip\u0151 egyforma volt. K\u00e9ptelen voltam otthagyni... Rohantam a p\u00e9nzt\u00e1rhoz, nehogy eluralkodjon rajtam a b\u0171ntudat \u00e9s m\u00e9g a v\u00e9g\u00e9n otthagyjam (azt\u00e1n otthon meg persze verjem a fejem a falba a h\u00fclye d\u00f6nt\u00e9sem miatt). \u00cdgy egy csini csizm\u00e1val lettem gazdagabb a mi kis kir\u00e1ndul\u00e1sunk alkalm\u00e1val. K\u00e9pet is teszek majd fel r\u00f3la :-)<\/SPAN><\/P>\r\n<P align=justify><SPAN style=\"FONT-SIZE: 18px; COLOR: #e666cc\">A kabit m\u00e1r kifizettem \u00e9s rem\u00e9lem a h\u00e9ten meg\u00e9rkezik. Licit\u00e1ltam egy csini gaty\u00f3ra is, de az majd csak szerd\u00e1n z\u00e1rul \u00e9s egy gy\u00f6ny\u00f6r\u0171 pulcsira is, az pedig p\u00e9nteken. Persze kicsit bajban vagyok, mivel a csizma 8 ezer Ft volt, \u00edgy azt p\u00f3tolnom kellene valahogy. \u00c9pp ez\u00e9rt fel is tettem Teszveszre k\u00e9t csini nacit, ami sajnos r\u00e1m nem j\u00f3... (<\/SPAN><A href=\"http:\/\/teszvesz.hu\/item1227927160_fullmoon_naci_m_es_mayo_bol.html\"><SPAN style=\"FONT-SIZE: 18px; COLOR: #e666cc\">http:\/\/teszvesz.hu\/item1227927160_fullmoon_naci_m_es_mayo_bol.html<\/SPAN><\/A><SPAN style=\"FONT-SIZE: 18px; COLOR: #e666cc\">&nbsp;, <\/SPAN><A href=\"http:\/\/teszvesz.hu\/item1227927319_edc_36_os_vagany_farmer.html\"><SPAN style=\"FONT-SIZE: 18px; COLOR: #e666cc\">http:\/\/teszvesz.hu\/item1227927319_edc_36_os_vagany_farmer.html<\/SPAN><\/A><SPAN style=\"FONT-SIZE: 18px; COLOR: #e666cc\">&nbsp;a linkek, ha valakit esetleg \u00e9rdekelne) \u00c9s k\u00e9t tank\u00f6nyvem ir\u00e1nt is \u00e9rdekl\u0151dtek a minap, rem\u00e9lem siker\u00fcl azokat is eladnom. <\/SPAN><BR><SPAN style=\"FONT-SIZE: 18px; COLOR: #e666cc\">Holnap reggel pedig ir\u00e1ny a fodr\u00e1sz! Mivel szombaton nem j\u00f6tt \u00f6ssze... Van itt n\u00e1lunk a faluba egy \u00faj fodr\u00e1sz, elvileg sz\u00e9pen dolgozik, \u00e9s holnap reggelre kaptam is id\u0151pontot. Rem\u00e9lem sz\u00e9p leszek :-)<\/SPAN><\/P>\r\n<P align=justify><SPAN style=\"FONT-SIZE: 18px; COLOR: #e666cc\">Big \u00e9lete \u00fagy n\u00e9z ki ism\u00e9t fordul\u00f3pont fel\u00e9 k\u00f6zel\u00edt. Persze \u00e9n t\u00e1mogatom mindenben! Szeretn\u00e9m, ha megval\u00f3suln\u00e1nak az \u00e1lmai! \u00c9s ez ugye r\u00e1m is kihat\u00e1ssal lenne, lehet, hogy \u00e9n is jobban boldoguln\u00e9k... de a r\u00e9szletekr\u0151l majd k\u00e9s\u0151bb, mikor m\u00e1r biztos lesz a dolog.<\/SPAN><\/P>\r\n<P align=justify><SPAN style=\"FONT-SIZE: 18px; COLOR: #e666cc\">Azt hiszem olvasgatok egy kiscsit ebben a marad\u00e9k k\u00e9t \u00f3ra munkaid\u0151ben... Jane Austin Emm\u00e1ja j\u00f3 \u00f6tletnek t\u0171nik... Majd besz\u00e1molok r\u00f3la.<\/SPAN><\/P>\r\n<P align=justify><SPAN style=\"FONT-SIZE: 18px; COLOR: #e666cc\"><STRONG>Sz\u00e9p napot!<\/STRONG><\/SPAN><\/P>\r\n<P align=justify><SPAN style=\"FONT-SIZE: 18px; COLOR: #e666cc\"><EM>Huncutka<\/EM><\/SPAN><\/P>","type":"rich"}